{"id":3,"date":"2023-05-23T07:56:02","date_gmt":"2023-05-23T07:56:02","guid":{"rendered":"https:\/\/guidetours.gr\/?page_id=3"},"modified":"2023-09-26T10:15:12","modified_gmt":"2023-09-26T07:15:12","slug":"privacy-policy","status":"publish","type":"page","link":"https:\/\/guidetours.gr\/es\/privacy-policy\/","title":{"rendered":"Pol\u00edtica de privacidad"},"content":{"rendered":"<div data-elementor-type=\"wp-page\" data-elementor-id=\"3\" class=\"elementor elementor-3\" data-elementor-post-type=\"page\">\n\t\t\t\t\t\t<section class=\"elementor-section elementor-top-section elementor-element elementor-element-20c56e2 elementor-section-height-min-height elementor-section-boxed elementor-section-height-default elementor-section-items-middle\" data-id=\"20c56e2\" data-element_type=\"section\" data-settings=\"{&quot;background_background&quot;:&quot;classic&quot;,&quot;jet_parallax_layout_list&quot;:[]}\">\n\t\t\t\t\t\t\t<div class=\"elementor-background-overlay\"><\/div>\n\t\t\t\t\t\t\t<div class=\"elementor-container elementor-column-gap-default\">\n\t\t\t\t\t<div class=\"elementor-column elementor-col-100 elementor-top-column elementor-element elementor-element-39d6959 elementor-hidden-desktop elementor-hidden-tablet\" data-id=\"39d6959\" data-element_type=\"column\">\n\t\t\t<div class=\"elementor-widget-wrap elementor-element-populated\">\n\t\t\t\t\t\t<div class=\"elementor-element elementor-element-a2318b7 elementor-widget elementor-widget-heading\" data-id=\"a2318b7\" data-element_type=\"widget\" data-widget_type=\"heading.default\">\n\t\t\t\t\t<h4 class=\"elementor-heading-title elementor-size-default\">Pol\u00edtica de privacidad<\/h4>\t\t\t\t<\/div>\n\t\t\t\t\t<\/div>\n\t\t<\/div>\n\t\t\t\t\t<\/div>\n\t\t<\/section>\n\t\t\t\t<section class=\"elementor-section elementor-top-section elementor-element elementor-element-a209d82 elementor-section-boxed elementor-section-height-default elementor-section-height-default\" data-id=\"a209d82\" data-element_type=\"section\" data-settings=\"{&quot;jet_parallax_layout_list&quot;:[]}\">\n\t\t\t\t\t\t<div class=\"elementor-container elementor-column-gap-default\">\n\t\t\t\t\t<div class=\"elementor-column elementor-col-100 elementor-top-column elementor-element elementor-element-4a588bd\" data-id=\"4a588bd\" data-element_type=\"column\">\n\t\t\t<div class=\"elementor-widget-wrap elementor-element-populated\">\n\t\t\t\t\t\t<div class=\"elementor-element elementor-element-35ae79b elementor-widget__width-auto elementor-widget-divider--view-line elementor-widget elementor-widget-divider\" data-id=\"35ae79b\" data-element_type=\"widget\" data-widget_type=\"divider.default\">\n\t\t\t\t\t\t\t<div class=\"elementor-divider\">\n\t\t\t<span class=\"elementor-divider-separator\">\n\t\t\t\t\t\t<\/span>\n\t\t<\/div>\n\t\t\t\t\t\t<\/div>\n\t\t\t\t<div class=\"elementor-element elementor-element-c3fc9f7 elementor-widget__width-auto elementor-widget-mobile__width-initial elementor-widget elementor-widget-heading\" data-id=\"c3fc9f7\" data-element_type=\"widget\" data-widget_type=\"heading.default\">\n\t\t\t\t\t<h1 class=\"elementor-heading-title elementor-size-default\">Pol\u00edtica de privacidad<\/h1>\t\t\t\t<\/div>\n\t\t\t\t\t<\/div>\n\t\t<\/div>\n\t\t\t\t\t<\/div>\n\t\t<\/section>\n\t\t\t\t<section class=\"elementor-section elementor-top-section elementor-element elementor-element-4929e971 elementor-section-boxed elementor-section-height-default elementor-section-height-default\" data-id=\"4929e971\" data-element_type=\"section\" data-settings=\"{&quot;jet_parallax_layout_list&quot;:[]}\">\n\t\t\t\t\t\t<div class=\"elementor-container elementor-column-gap-default\">\n\t\t\t\t\t<div class=\"elementor-column elementor-col-100 elementor-top-column elementor-element elementor-element-55d8c809\" data-id=\"55d8c809\" data-element_type=\"column\">\n\t\t\t<div class=\"elementor-widget-wrap elementor-element-populated\">\n\t\t\t\t\t\t<div class=\"elementor-element elementor-element-56217c10 elementor-widget elementor-widget-text-editor\" data-id=\"56217c10\" data-element_type=\"widget\" data-widget_type=\"text-editor.default\">\n\t\t\t\t\t\t\t\t\t\n<p>Nos alegramos mucho de que haya mostrado inter\u00e9s por nuestra empresa. La protecci\u00f3n de datos tiene una prioridad especialmente alta para la direcci\u00f3n de la \u0394\u03b7\u03bc\u03ae\u03c4\u03c1\u03b9\u03bf\u03c2 \u03a4\u03c3\u03b1\u03bb\u03bc\u03ac\u03c2. El uso de las p\u00e1ginas de Internet de la \u0394\u03b7\u03bc\u03ae\u03c4\u03c1\u03b9\u03bf\u03c2 \u03a4\u03c3\u03b1\u03bb\u03bc\u03ac\u03c2 es posible sin indicaci\u00f3n de datos personales; sin embargo, si un interesado desea utilizar servicios especiales de la empresa a trav\u00e9s de nuestro sitio web, el tratamiento de datos personales podr\u00eda llegar a ser necesario. Si el tratamiento de datos personales es necesario y no existe una base legal para dicho tratamiento, generalmente obtenemos el consentimiento del interesado.<\/p>\n\n<p>El tratamiento de datos personales, como el nombre, la direcci\u00f3n postal, la direcci\u00f3n de correo electr\u00f3nico o el n\u00famero de tel\u00e9fono de un interesado, se ajustar\u00e1 siempre al Reglamento general de protecci\u00f3n de datos (RGPD) y a la normativa de protecci\u00f3n de datos espec\u00edfica del pa\u00eds aplicable al \u0394\u03b7\u03bc\u03ae\u03c4\u03c1\u03b9\u03bf\u03c2 \u03a4\u03c3\u03b1\u03bb\u03bc\u03ac\u03c2. Mediante esta declaraci\u00f3n de protecci\u00f3n de datos, nuestra empresa desea informar al p\u00fablico en general de la naturaleza, el alcance y la finalidad de los datos personales que recopilamos, utilizamos y procesamos. Adem\u00e1s, mediante esta declaraci\u00f3n de protecci\u00f3n de datos, se informa a los interesados de los derechos que les asisten.<\/p>\n\n<p>Como responsable del tratamiento, el \u0394\u03b7\u03bc\u03ae\u03c4\u03c1\u03b9\u03bf\u03c2 \u03a4\u03c3\u03b1\u03bb\u03bc\u03ac\u03c2 ha aplicado numerosas medidas t\u00e9cnicas y organizativas para garantizar la protecci\u00f3n m\u00e1s completa posible de los datos personales tratados a trav\u00e9s de este sitio web. No obstante, las transmisiones de datos a trav\u00e9s de Internet pueden presentar, en principio, lagunas de seguridad, por lo que no puede garantizarse una protecci\u00f3n absoluta. Por este motivo, todo interesado es libre de transmitirnos sus datos personales por medios alternativos, por ejemplo, por tel\u00e9fono.<\/p>\n\n<h4 class=\"wp-block-heading\">1. Definiciones<\/h4>\n\n<p>La declaraci\u00f3n de protecci\u00f3n de datos de la \u0394\u03b7\u03bc\u03ae\u03c4\u03c1\u03b9\u03bf\u03c2 \u03a4\u03c3\u03b1\u03bb\u03bc\u03ac\u03c2 se basa en los t\u00e9rminos utilizados por el legislador europeo para la adopci\u00f3n del Reglamento General de Protecci\u00f3n de Datos (RGPD). Nuestra declaraci\u00f3n de protecci\u00f3n de datos debe ser legible y comprensible para el p\u00fablico en general, as\u00ed como para nuestros clientes y socios comerciales. Para garantizarlo, nos gustar\u00eda explicar en primer lugar la terminolog\u00eda utilizada.<\/p>\n\n<p>En esta declaraci\u00f3n de protecci\u00f3n de datos utilizamos, entre otros, los siguientes t\u00e9rminos:<\/p>\n\n<ul class=\"wp-block-list\">\n<li>a) Datos personalesSe entender\u00e1 por datos personales toda informaci\u00f3n sobre una persona f\u00edsica identificada o identificable (\u201cinteresado\u201d). Una persona f\u00edsica identificable es aquella que puede ser identificada, directa o indirectamente, en particular por referencia a un identificador como un nombre, un n\u00famero de identificaci\u00f3n, datos de localizaci\u00f3n, un identificador en l\u00ednea o a uno o m\u00e1s factores espec\u00edficos de la identidad f\u00edsica, fisiol\u00f3gica, gen\u00e9tica, mental, econ\u00f3mica, cultural o social de dicha persona f\u00edsica.<\/li>\n\n<li>b) InteresadoSe entiende por interesado cualquier persona f\u00edsica identificada o identificable, cuyos datos personales sean objeto de tratamiento por parte del responsable del tratamiento.<\/li>\n\n<li>c) TratamientoSe entender\u00e1 por tratamiento cualquier operaci\u00f3n o conjunto de operaciones, efectuadas o no mediante procedimientos automatizados, y aplicadas a datos personales o a conjuntos de datos personales, como la recogida, registro, organizaci\u00f3n, estructuraci\u00f3n, conservaci\u00f3n, elaboraci\u00f3n o modificaci\u00f3n, extracci\u00f3n, consulta, utilizaci\u00f3n, comunicaci\u00f3n por transmisi\u00f3n, difusi\u00f3n o cualquier otra forma de habilitaci\u00f3n de acceso, cotejo o interconexi\u00f3n, limitaci\u00f3n, supresi\u00f3n o destrucci\u00f3n.<\/li>\n\n<li>d) Restricci\u00f3n del tratamientoLa restricci\u00f3n del tratamiento consiste en marcar los datos personales almacenados con el fin de limitar su tratamiento en el futuro.<\/li>\n\n<li>e) Elaboraci\u00f3n de perfilesSe entender\u00e1 por elaboraci\u00f3n de perfiles cualquier forma de tratamiento automatizado de datos personales consistente en la utilizaci\u00f3n de datos personales para evaluar determinados aspectos personales relativos a una persona f\u00edsica, en particular para analizar o predecir aspectos relacionados con el rendimiento laboral, la situaci\u00f3n econ\u00f3mica, la salud, las preferencias personales, los intereses, la fiabilidad, el comportamiento, la ubicaci\u00f3n o los movimientos de dicha persona f\u00edsica.<\/li>\n\n<li>f) Seudonimizaci\u00f3nLa seudonimizaci\u00f3n es el tratamiento de datos personales de forma que los datos personales ya no puedan atribuirse a un interesado concreto sin utilizar informaci\u00f3n adicional, siempre que dicha informaci\u00f3n adicional se conserve por separado y est\u00e9 sujeta a medidas t\u00e9cnicas y organizativas que garanticen que los datos personales no se atribuyen a una persona f\u00edsica identificada o identificable.<\/li>\n\n<li>g) Responsable o encargado del tratamientoEl responsable o encargado del tratamiento es la persona f\u00edsica o jur\u00eddica, autoridad p\u00fablica, servicio u otro organismo que, solo o conjuntamente con otros, determina los fines y los medios del tratamiento de datos personales; cuando los fines y los medios de dicho tratamiento est\u00e9n determinados por el Derecho de la Uni\u00f3n o de los Estados miembros, el responsable o los criterios espec\u00edficos para su designaci\u00f3n podr\u00e1n estar previstos por el Derecho de la Uni\u00f3n o de los Estados miembros.<\/li>\n\n<li>h) Encargado del tratamientoEl encargado del tratamiento es una persona f\u00edsica o jur\u00eddica, autoridad p\u00fablica, agencia u otro organismo que trata datos personales por cuenta del responsable del tratamiento.<\/li>\n\n<li>i) DestinatarioEl destinatario es una persona f\u00edsica o jur\u00eddica, autoridad p\u00fablica, agencia u otro organismo, al que se comunican los datos personales, ya sea un tercero o no. No obstante, no se considerar\u00e1n destinatarios las autoridades p\u00fablicas que puedan recibir datos personales en el marco de una investigaci\u00f3n concreta de conformidad con el Derecho de la Uni\u00f3n o de los Estados miembros; el tratamiento de dichos datos por dichas autoridades p\u00fablicas deber\u00e1 ajustarse a las normas de protecci\u00f3n de datos aplicables en funci\u00f3n de los fines del tratamiento.<\/li>\n\n<li>j) TerceroSe entender\u00e1 por tercero una persona f\u00edsica o jur\u00eddica, autoridad p\u00fablica, servicio u organismo distinto del interesado, del responsable del tratamiento, del encargado del tratamiento y de las personas que, bajo la autoridad directa del responsable o del encargado del tratamiento, est\u00e9n facultadas para tratar datos personales.<\/li>\n\n<li>k) ConsentimientoEl consentimiento del interesado es toda manifestaci\u00f3n de voluntad libre, espec\u00edfica, informada e inequ\u00edvoca por la que el interesado, mediante una declaraci\u00f3n o una clara acci\u00f3n afirmativa, consiente el tratamiento de datos personales que le conciernen.<\/li>\n<\/ul>\n\n<h4 class=\"wp-block-heading\">2. Nombre y direcci\u00f3n del responsable del tratamiento<\/h4>\n\n<p>Responsable del tratamiento a efectos del Reglamento General de Protecci\u00f3n de Datos (RGPD), otras leyes de protecci\u00f3n de datos aplicables en los Estados miembros de la Uni\u00f3n Europea y otras disposiciones relacionadas con la protecci\u00f3n de datos es:<\/p>\n\n<p>\u0394\u03b7\u03bc\u03ae\u03c4\u03c1\u03b9\u03bf\u03c2 \u03a4\u03c3\u03b1\u03bb\u03bc\u03ac\u03c2<\/p>\n\n<p>\u039f\u0399\u0391<\/p>\n\n<p>84102 \u039f\u0399\u0391 \u03a3\u0391\u039d\u03a4\u039f\u03a1\u0399\u039d\u0397\u03a3<\/p>\n\n<p>\u0395\u03bb\u03bb\u03ac\u03b4\u03b1<\/p>\n\n<p>Tel\u00e9fono: 6970000704<\/p>\n\n<p>Correo electr\u00f3nico: info@guidetours.gr<\/p>\n\n<p>P\u00e1gina web: www.guidetours.gr<\/p>\n\n<h4 class=\"wp-block-heading\">3. Cookies<\/h4>\n\n<p>Las p\u00e1ginas de Internet del \u0394\u03b7\u03bc\u03ae\u03c4\u03c1\u03b9\u03bf\u03c2 \u03a4\u03c3\u03b1\u03bb\u03bc\u03ac\u03c2 utilizan cookies. Las cookies son archivos de texto que se almacenan en un sistema inform\u00e1tico a trav\u00e9s de un navegador de Internet.<\/p>\n\n<p>Muchos sitios y servidores de Internet utilizan cookies. Muchas cookies contienen el llamado ID de cookie. Un ID de cookie es un identificador \u00fanico de la cookie. Consiste en una cadena de caracteres a trav\u00e9s de la cual las p\u00e1ginas de Internet y los servidores pueden ser asignados al navegador de Internet espec\u00edfico en el que se almacen\u00f3 la cookie. Esto permite a las p\u00e1ginas de Internet visitadas y a los servidores diferenciar el navegador individual del sujeto dats de otros navegadores de Internet que contienen otras cookies. Un navegador de Internet espec\u00edfico puede ser reconocido e identificado utilizando el ID de cookie \u00fanico.<\/p>\n\n<p>Mediante el uso de cookies, el \u0394\u03b7\u03bc\u03ae\u03c4\u03c1\u03b9\u03bf\u03c2 \u03a4\u03c3\u03b1\u03bb\u03bc\u03ac\u03c2 puede proporcionar a los usuarios de este sitio web servicios m\u00e1s f\u00e1ciles de usar que no ser\u00edan posibles sin la configuraci\u00f3n de cookies.<\/p>\n\n<p>Mediante una cookie, la informaci\u00f3n y las ofertas de nuestro sitio web pueden optimizarse teniendo en cuenta al usuario. Las cookies nos permiten, como ya se ha mencionado, reconocer a los usuarios de nuestro sitio web. La finalidad de este reconocimiento es facilitar a los usuarios la utilizaci\u00f3n de nuestro sitio web. El usuario del sitio web que utiliza cookies, por ejemplo, no tiene que introducir datos de acceso cada vez que accede al sitio web, ya que \u00e9stos son asumidos por el sitio web y, por tanto, la cookie se almacena en el sistema inform\u00e1tico del usuario. Otro ejemplo es la cookie de un carrito de la compra en una tienda online. La tienda en l\u00ednea recuerda los art\u00edculos que un cliente ha colocado en el carrito de la compra virtual a trav\u00e9s de una cookie.<\/p>\n\n<p>El interesado podr\u00e1 impedir en todo momento la instalaci\u00f3n de cookies a trav\u00e9s de nuestro sitio web mediante la correspondiente configuraci\u00f3n del navegador de Internet utilizado, pudiendo as\u00ed denegar permanentemente la instalaci\u00f3n de cookies. Adem\u00e1s, las cookies ya instaladas pueden eliminarse en cualquier momento a trav\u00e9s de un navegador de Internet u otros programas de software. Esto es posible en todos los navegadores de Internet habituales. Si el interesado desactiva la instalaci\u00f3n de cookies en el navegador de Internet utilizado, es posible que no pueda utilizar por completo todas las funciones de nuestro sitio web.<\/p>\n\n<h4 class=\"wp-block-heading\">4. Recogida de datos e informaci\u00f3n generales<\/h4>\n\n<p>El sitio web del \u0394\u03b7\u03bc\u03ae\u03c4\u03c1\u03b9\u03bf\u03c2 \u03a4\u03c3\u03b1\u03bb\u03bc\u03ac\u03c2 recopila una serie de datos e informaci\u00f3n generales cuando un interesado o un sistema automatizado accede al sitio web. Estos datos generales e informaci\u00f3n se almacenan en los archivos de registro del servidor. Se pueden recopilar (1) los tipos y versiones de navegador utilizados, (2) el sistema operativo utilizado por el sistema de acceso, (3) el sitio web desde el que un sistema de acceso llega a nuestro sitio web (los denominados remitentes), (4) los sub-sitios web, (5) la fecha y hora de acceso al sitio de Internet, (6) una direcci\u00f3n de protocolo de Internet (direcci\u00f3n IP), (7) el proveedor de servicios de Internet del sistema de acceso, y (8) cualquier otro dato e informaci\u00f3n similar que pueda utilizarse en caso de ataques a nuestros sistemas de tecnolog\u00eda de la informaci\u00f3n.<\/p>\n\n<p>Al utilizar estos datos e informaci\u00f3n generales, el \u0394\u03b7\u03bc\u03ae\u03c4\u03c1\u03b9\u03bf\u03c2 \u03a4\u03c3\u03b1\u03bb\u03bc\u03ac\u03c2 no extrae ninguna conclusi\u00f3n sobre el interesado. M\u00e1s bien, esta informaci\u00f3n es necesaria para (1) ofrecer el contenido de nuestro sitio web correctamente, (2) optimizar el contenido de nuestro sitio web, as\u00ed como su publicidad, (3) garantizar la viabilidad a largo plazo de nuestros sistemas de tecnolog\u00eda de la informaci\u00f3n y la tecnolog\u00eda del sitio web, y (4) proporcionar a las autoridades policiales la informaci\u00f3n necesaria para el enjuiciamiento penal en caso de un ciberataque. Por lo tanto, la \u0394\u03b7\u03bc\u03ae\u03c4\u03c1\u03b9\u03bf\u03c2 \u03a4\u03c3\u03b1\u03bb\u03bc\u03ac\u03c2 analiza los datos recogidos de forma an\u00f3nima y la informaci\u00f3n estad\u00edsticamente, con el objetivo de aumentar la protecci\u00f3n de datos y la seguridad de los datos de nuestra empresa, y para garantizar un nivel \u00f3ptimo de protecci\u00f3n de los datos personales que procesamos. Los datos an\u00f3nimos de los archivos de registro del servidor se almacenan por separado de todos los datos personales proporcionados por un sujeto de datos.<\/p>\n\n<h4 class=\"wp-block-heading\">5. Posibilidad de contacto a trav\u00e9s del sitio web<\/h4>\n\n<p>El sitio web de la \u0394\u03b7\u03bc\u03ae\u03c4\u03c1\u03b9\u03bf\u03c2 \u03a4\u03c3\u03b1\u03bb\u03bc\u03ac\u03c2 contiene informaci\u00f3n que permite un contacto electr\u00f3nico r\u00e1pido con nuestra empresa, as\u00ed como la comunicaci\u00f3n directa con nosotros, que tambi\u00e9n incluye una direcci\u00f3n general del llamado correo electr\u00f3nico (direcci\u00f3n de correo electr\u00f3nico). Si un interesado se pone en contacto con el responsable del tratamiento por correo electr\u00f3nico o a trav\u00e9s de un formulario de contacto, los datos personales transmitidos por el interesado se almacenan autom\u00e1ticamente. Los datos personales transmitidos de forma voluntaria por un interesado al responsable del tratamiento se almacenan con el fin de procesar o ponerse en contacto con el interesado. Estos datos personales no se transmiten a terceros.<\/p>\n\n<h4 class=\"wp-block-heading\">6. Supresi\u00f3n y bloqueo sistem\u00e1ticos de datos personales<\/h4>\n\n<p>El responsable del tratamiento tratar\u00e1 y almacenar\u00e1 los datos personales del interesado \u00fanicamente durante el per\u00edodo necesario para alcanzar el objetivo del almacenamiento, o en la medida en que lo conceda el legislador europeo u otros legisladores en leyes o reglamentos a los que est\u00e9 sujeto el responsable del tratamiento.<\/p>\n\n<p>Si la finalidad del almacenamiento no es aplicable, o si expira un periodo de almacenamiento prescrito por el legislador europeo u otro legislador competente, los datos personales se bloquean o borran de forma rutinaria de acuerdo con los requisitos legales.<\/p>\n\n<h4 class=\"wp-block-heading\">7. Derechos del interesado<\/h4>\n\n<ul class=\"wp-block-list\">\n<li>a) Derecho de confirmaci\u00f3nCada interesado tendr\u00e1 el derecho otorgado por el legislador europeo a obtener del responsable del tratamiento la confirmaci\u00f3n de si se est\u00e1n tratando o no datos personales que le conciernan. Si un interesado desea hacer uso de este derecho de confirmaci\u00f3n, podr\u00e1 dirigirse en cualquier momento a cualquier empleado del responsable del tratamiento.<\/li>\n\n<li>b) Derecho de accesoCada interesado tendr\u00e1 el derecho otorgado por el legislador europeo a obtener del responsable del tratamiento informaci\u00f3n gratuita sobre sus datos personales almacenados en cualquier momento y una copia de dicha informaci\u00f3n. Adem\u00e1s, las directivas y reglamentos europeos conceden al interesado acceso a la siguiente informaci\u00f3n:\n<ul>\n<li>los fines del tratamiento;<\/li>\n<li>las categor\u00edas de datos personales de que se trate;<\/li>\n<li>los destinatarios o categor\u00edas de destinatarios a los que se han comunicado o se comunicar\u00e1n los datos personales, en particular destinatarios en terceros pa\u00edses u organizaciones internacionales;<\/li>\n<li>cuando sea posible, el per\u00edodo previsto de conservaci\u00f3n de los datos personales o, si no es posible, los criterios utilizados para determinar dicho per\u00edodo;<\/li>\n<li>la existencia del derecho a solicitar al responsable del tratamiento la rectificaci\u00f3n o supresi\u00f3n de los datos personales, o la limitaci\u00f3n del tratamiento de los datos personales que afecten al interesado, o a oponerse a dicho tratamiento;<\/li>\n<li>la existencia del derecho a presentar una reclamaci\u00f3n ante una autoridad de control;<\/li>\n<li>cuando los datos personales no se recojan del interesado, cualquier informaci\u00f3n disponible sobre su origen;<\/li>\n<li>la existencia de la toma de decisiones automatizada, incluida la elaboraci\u00f3n de perfiles, a que se refiere el art\u00edculo 22, apartados 1 y 4, del RGPD y, al menos en esos casos, informaci\u00f3n significativa sobre la l\u00f3gica implicada, as\u00ed como la importancia y las consecuencias previstas de dicho tratamiento para el interesado.<\/li>\n<\/ul>\nAdem\u00e1s, el interesado tendr\u00e1 derecho a obtener informaci\u00f3n sobre si los datos personales se transfieren a un tercer pa\u00eds o a una organizaci\u00f3n internacional. En tal caso, el interesado tendr\u00e1 derecho a ser informado de las garant\u00edas adecuadas en relaci\u00f3n con la transferencia. Si un interesado desea hacer uso de este derecho de acceso, podr\u00e1 dirigirse en cualquier momento a cualquier empleado del responsable del tratamiento.<\/li>\n\n<li>c) Derecho de rectificaci\u00f3nCada interesado tendr\u00e1 derecho a obtener del responsable del tratamiento, sin dilaci\u00f3n indebida, la rectificaci\u00f3n de los datos personales inexactos que le conciernan. Teniendo en cuenta los fines del tratamiento, el interesado tendr\u00e1 derecho a que se completen los datos personales incompletos, incluso mediante una declaraci\u00f3n complementaria.Si un interesado desea ejercer este derecho de rectificaci\u00f3n, podr\u00e1 dirigirse en cualquier momento a cualquier empleado del responsable del tratamiento.<\/li>\n\n<li>d) Derecho de supresi\u00f3n (derecho al olvido)Todo interesado tendr\u00e1 el derecho que le reconoce el legislador europeo de obtener del responsable del tratamiento la supresi\u00f3n de los datos personales que le conciernan sin dilaci\u00f3n indebida, y el responsable del tratamiento tendr\u00e1 la obligaci\u00f3n de suprimir sin dilaci\u00f3n indebida los datos personales cuando concurra uno de los motivos siguientes, siempre que el tratamiento no sea necesario:\n<ul>\n<li>Los datos personales ya no son necesarios en relaci\u00f3n con los fines para los que fueron recogidos o tratados de otro modo.<\/li>\n<li>El interesado retira el consentimiento en el que se basa el tratamiento con arreglo al art\u00edculo 6, apartado 1, letra a), del RGPD, o al art\u00edculo 9, apartado 2, letra a), del RGPD, y cuando no exista ning\u00fan otro fundamento jur\u00eddico para el tratamiento.<\/li>\n<li>El interesado se opone al tratamiento de conformidad con el art\u00edculo 21, apartado 1, del RGPD y no existen motivos leg\u00edtimos imperiosos para el tratamiento, o el interesado se opone al tratamiento de conformidad con el art\u00edculo 21, apartado 2, del RGPD.<\/li>\n<li>Los datos personales han sido tratados ilegalmente.<\/li>\n<li>Los datos personales deben suprimirse para cumplir una obligaci\u00f3n legal del Derecho de la Uni\u00f3n o de los Estados miembros a la que est\u00e9 sujeto el responsable del tratamiento.<\/li>\n<li>Los datos personales se han recogido en relaci\u00f3n con la oferta de servicios de la sociedad de la informaci\u00f3n a que se refiere el art\u00edculo 8, apartado 1, del RGPD.<\/li>\n<\/ul>\nSi se aplica uno de los motivos mencionados anteriormente, y un interesado desea solicitar la supresi\u00f3n de los datos personales almacenados por el \u0394\u03b7\u03bc\u03ae\u03c4\u03c1\u03b9\u03bf\u03c2 \u03a4\u03c3\u03b1\u03bb\u03bc\u03ac\u03c2, podr\u00e1, en cualquier momento, ponerse en contacto con cualquier empleado del responsable del tratamiento. Un empleado de \u0394\u03b7\u03bc\u03ae\u03c4\u03c1\u03b9\u03bf\u03c2 \u03a4\u03c3\u03b1\u03bb\u03bc\u03ac\u03c2 garantizar\u00e1 sin demora el cumplimiento inmediato de la solicitud de supresi\u00f3n.Cuando el responsable del tratamiento haya hecho p\u00fablicos datos personales y est\u00e9 obligado en virtud del art\u00edculo 17, apartado 1, a suprimir los datos personales, el responsable del tratamiento, teniendo en cuenta la tecnolog\u00eda disponible y el coste de su aplicaci\u00f3n, adoptar\u00e1 medidas razonables, incluidas medidas t\u00e9cnicas, para informar a otros responsables del tratamiento de los datos personales de que el interesado ha solicitado la supresi\u00f3n por dichos responsables de cualquier enlace a dichos datos personales, o de cualquier copia o r\u00e9plica de los mismos, en la medida en que el tratamiento no sea necesario. Un empleado del \u0394\u03b7\u03bc\u03ae\u03c4\u03c1\u03b9\u03bf\u03c2 \u03a4\u03c3\u03b1\u03bb\u03bc\u03ac\u03c2 dispondr\u00e1 las medidas necesarias en casos individuales.<\/li>\n\n<li>e) Derecho a la limitaci\u00f3n del tratamientoCada interesado tendr\u00e1 el derecho otorgado por el legislador europeo a obtener del responsable del tratamiento la limitaci\u00f3n del tratamiento cuando concurra alguna de las siguientes circunstancias:\n<ul>\n<li>El interesado impugna la exactitud de los datos personales durante un periodo que permite al responsable del tratamiento verificar la exactitud de los datos personales.<\/li>\n<li>El tratamiento es il\u00edcito y el interesado se opone a la supresi\u00f3n de los datos personales y solicita en su lugar la limitaci\u00f3n de su uso.<\/li>\n<li>El responsable del tratamiento ya no necesita los datos personales para los fines del tratamiento, pero el interesado los necesita para el reconocimiento, el ejercicio o la defensa de un derecho en un procedimiento judicial.<\/li>\n<li>El interesado se ha opuesto al tratamiento de conformidad con el art\u00edculo 21, apartado 1, del RGPD, a la espera de que se verifique si los motivos leg\u00edtimos del responsable del tratamiento prevalecen sobre los del interesado.<\/li>\n<\/ul>\nSi se cumple una de las condiciones mencionadas, y un interesado desea solicitar la limitaci\u00f3n del tratamiento de los datos personales almacenados por el \u0394\u03b7\u03bc\u03ae\u03c4\u03c1\u03b9\u03bf\u03c2 \u03a4\u03c3\u03b1\u03bb\u03bc\u03ac\u03c2, podr\u00e1 ponerse en contacto en cualquier momento con cualquier empleado del responsable del tratamiento. El empleado del \u0394\u03b7\u03bc\u03ae\u03c4\u03c1\u03b9\u03bf\u03c2 \u03a4\u03c3\u03b1\u03bb\u03bc\u03ac\u03c2 se encargar\u00e1 de la restricci\u00f3n del tratamiento.<\/li>\n\n<li>f) Derecho a la portabilidad de los datosCada interesado tendr\u00e1 derecho, reconocido por el legislador europeo, a recibir los datos personales que le conciernan, facilitados a un responsable del tratamiento, en un formato estructurado, de uso com\u00fan y lectura mec\u00e1nica. Tendr\u00e1 derecho a transmitir esos datos a otro responsable del tratamiento sin que el responsable al que se hayan facilitado los datos personales se lo impida, siempre que el tratamiento se base en el consentimiento de conformidad con el art\u00edculo 6, apartado 1, letra a), del RGPD o con el art\u00edculo 9, apartado 2, letra a), del RGPD, o en un contrato con arreglo al art\u00edculo 6, apartado 1, letra b), del RGPD, y el tratamiento se lleva a cabo por medios automatizados, siempre que el tratamiento no sea necesario para el cumplimiento de una misi\u00f3n de inter\u00e9s p\u00fablico o en el ejercicio de poderes p\u00fablicos conferidos al responsable del tratamiento.Adem\u00e1s, en el ejercicio de su derecho a la portabilidad de los datos de conformidad con el art\u00edculo 20, apartado 1, del RGPD, el interesado tendr\u00e1 derecho a que los datos personales se transmitan directamente de un responsable del tratamiento a otro, siempre que sea t\u00e9cnicamente posible y que ello no afecte negativamente a los derechos y libertades de terceros.Para hacer valer el derecho a la portabilidad de los datos, el interesado podr\u00e1 ponerse en contacto en cualquier momento con cualquier empleado del \u0394\u03b7\u03bc\u03ae\u03c4\u03c1\u03b9\u03bf\u03c2 \u03a4\u03c3\u03b1\u03bb\u03bc\u03ac\u03c2.<\/li>\n\n<li>g) Derecho de oposici\u00f3nCada interesado tendr\u00e1 el derecho concedido por el legislador europeo de oponerse, por motivos relacionados con su situaci\u00f3n particular, en cualquier momento, al tratamiento de los datos personales que le conciernan, basado en las letras e) o f) del art\u00edculo 6, apartado 1, del RGPD. Esto tambi\u00e9n se aplica a la elaboraci\u00f3n de perfiles basada en estas disposiciones.El \u0394\u03b7\u03bc\u03ae\u03c4\u03c1\u03b9\u03bf\u03c2 \u03a4\u03c3\u03b1\u03bb\u03bc\u03ac\u03c2 dejar\u00e1 de tratar los datos personales en caso de oposici\u00f3n, a menos que podamos demostrar motivos leg\u00edtimos imperiosos para el tratamiento que prevalezcan sobre los intereses, derechos y libertades del interesado, o para el reconocimiento, ejercicio o defensa de reclamaciones legales.Si el \u0394\u03b7\u03bc\u03ae\u03c4\u03c1\u03b9\u03bf\u03c2 \u03a4\u03c3\u03b1\u03bb\u03bc\u03ac\u03c2 trata datos personales con fines de mercadotecnia directa, el interesado tendr\u00e1 derecho a oponerse en cualquier momento al tratamiento de los datos personales que le conciernan para dicha mercadotecnia. Esto se aplica a la elaboraci\u00f3n de perfiles en la medida en que est\u00e9 relacionada con dicha mercadotecnia directa. Si el interesado se opone al \u0394\u03b7\u03bc\u03ae\u03c4\u03c1\u03b9\u03bf\u03c2 \u03a4\u03c3\u03b1\u03bb\u03bc\u03ac\u03c2 al tratamiento con fines de mercadotecnia directa, el \u0394\u03b7\u03bc\u03ae\u03c4\u03c1\u03b9\u03bf\u03c2 \u03a4\u03c3\u03b1\u03bb\u03bc\u03ac\u03c2 dejar\u00e1 de tratar los datos personales para dichos fines.Adem\u00e1s, el interesado tiene derecho, por motivos relacionados con su situaci\u00f3n particular, a oponerse al tratamiento de los datos personales que le conciernen por parte del \u0394\u03b7\u03bc\u03ae\u03c4\u03c1\u03b9\u03bf\u03c2 \u03a4\u03c3\u03b1\u03bb\u03bc\u03ac\u03c2 con fines de investigaci\u00f3n cient\u00edfica o hist\u00f3rica, o con fines estad\u00edsticos de conformidad con el art\u00edculo 89, apartado 1, del RGPD, salvo que el tratamiento sea necesario para el cumplimiento de una misi\u00f3n realizada por razones de inter\u00e9s p\u00fablico.Para ejercer el derecho de oposici\u00f3n, el interesado podr\u00e1 ponerse en contacto con cualquier empleado del \u0394\u03b7\u03bc\u03ae\u03c4\u03c1\u03b9\u03bf\u03c2 \u03a4\u03c3\u03b1\u03bb\u03bc\u03ac\u03c2. Adem\u00e1s, el interesado es libre, en el contexto de la utilizaci\u00f3n de los servicios de la sociedad de la informaci\u00f3n, y no obstante lo dispuesto en la Directiva 2002\/58\/CE, de hacer uso de su derecho de oposici\u00f3n por medios automatizados utilizando especificaciones t\u00e9cnicas.<\/li>\n\n<li>h) Toma de decisiones individuales automatizadas, incluida la elaboraci\u00f3n de perfilesCada interesado tendr\u00e1 derecho a no ser objeto de una decisi\u00f3n basada \u00fanicamente en un tratamiento automatizado, incluida la elaboraci\u00f3n de perfiles, que produzca efectos jur\u00eddicos en \u00e9l o le afecte significativamente de modo similar, siempre que la decisi\u00f3n (1) no sea necesaria para la celebraci\u00f3n o la ejecuci\u00f3n de un contrato entre el interesado y un responsable del tratamiento, o (2) no est\u00e9 autorizada por el Derecho de la Uni\u00f3n o de los Estados miembros al que est\u00e9 sujeto el responsable del tratamiento y que tambi\u00e9n establezca medidas adecuadas para salvaguardar los derechos y libertades del interesado y sus intereses leg\u00edtimos, o (3) no se base en el consentimiento expl\u00edcito del interesado.Si la decisi\u00f3n (1) es necesaria para celebrar o ejecutar un contrato entre el interesado y un responsable del tratamiento, o (2) se basa en el consentimiento expl\u00edcito del interesado, el \u0394\u03b7\u03bc\u03ae\u03c4\u03c1\u03b9\u03bf\u03c2 \u03a4\u03c3\u03b1\u03bb\u03bc\u03ac\u03c2 aplicar\u00e1 las medidas adecuadas para salvaguardar los derechos y libertades y los intereses leg\u00edtimos del interesado, al menos el derecho a obtener la intervenci\u00f3n humana por parte del responsable del tratamiento, a expresar su punto de vista y a impugnar la decisi\u00f3n.Si el interesado desea ejercer los derechos relativos a la toma de decisiones individuales automatizadas, podr\u00e1 dirigirse en cualquier momento a cualquier empleado del \u0394\u03b7\u03bc\u03ae\u03c4\u03c1\u03b9\u03bf\u03c2 \u03a4\u03c3\u03b1\u03bb\u03bc\u03ac\u03c2.<\/li>\n\n<li>i) Derecho a retirar el consentimiento para la protecci\u00f3n de datosCada interesado tendr\u00e1 el derecho otorgado por el legislador europeo a retirar su consentimiento para el tratamiento de sus datos personales en cualquier momento.Si el interesado desea ejercer el derecho a retirar el consentimiento, podr\u00e1, en cualquier momento, ponerse en contacto con cualquier empleado del \u0394\u03b7\u03bc\u03ae\u03c4\u03c1\u03b9\u03bf\u03c2 \u03a4\u03c3\u03b1\u03bb\u03bc\u03ac\u03c2.<\/li>\n<\/ul>\n\n<h4 class=\"wp-block-heading\">8. Disposiciones de protecci\u00f3n de datos sobre la aplicaci\u00f3n y el uso de Facebook<\/h4>\n\n<p>En este sitio web, el responsable del tratamiento ha integrado componentes de la empresa Facebook. Facebook es una red social.<\/p>\n\n<p>Una red social es un lugar de encuentro social en Internet, una comunidad en l\u00ednea, que suele permitir a los usuarios comunicarse entre s\u00ed e interactuar en un espacio virtual. Una red social puede servir de plataforma para el intercambio de opiniones y experiencias, o permitir a la comunidad de internautas proporcionar informaci\u00f3n personal o relacionada con la empresa. Facebook permite a los usuarios de redes sociales incluir la creaci\u00f3n de perfiles privados, subir fotos y establecer contactos mediante solicitudes de amistad.<\/p>\n\n<p>La empresa operadora de Facebook es Facebook, Inc., 1 Hacker Way, Menlo Park, CA 94025, Estados Unidos. Si una persona vive fuera de Estados Unidos o Canad\u00e1, el responsable del tratamiento es Facebook Ireland Ltd., 4 Grand Canal Square, Grand Canal Harbour, Dubl\u00edn 2, Irlanda.<\/p>\n\n<p>Con cada llamada a una de las p\u00e1ginas individuales de este sitio web de Internet, que es operado por el controlador y en el que se integr\u00f3 un componente de Facebook (plug-ins de Facebook), el navegador web en el sistema de tecnolog\u00eda de la informaci\u00f3n del interesado se le pide autom\u00e1ticamente para descargar la visualizaci\u00f3n del componente de Facebook correspondiente de Facebook a trav\u00e9s del componente de Facebook. Se puede acceder a un resumen de todos los plug-ins de Facebook en https:\/\/developers.facebook.com\/docs\/plugins\/. En el transcurso de este procedimiento t\u00e9cnico, Facebook tiene conocimiento de qu\u00e9 subsitio concreto de nuestro sitio web ha visitado el interesado.<\/p>\n\n<p>Si el interesado ha iniciado sesi\u00f3n al mismo tiempo en Facebook, Facebook detecta con cada llamada a nuestro sitio web por parte del interesado -y durante toda su estancia en nuestro sitio de Internet- qu\u00e9 subsitio espec\u00edfico de nuestra p\u00e1gina de Internet ha visitado el interesado. Esta informaci\u00f3n se recopila a trav\u00e9s del componente de Facebook y se asocia a la cuenta de Facebook del interesado. Si el interesado hace clic en uno de los botones de Facebook integrados en nuestro sitio web, por ejemplo el bot\u00f3n \u201cMe gusta\u201d, o si el interesado env\u00eda un comentario, Facebook relaciona esta informaci\u00f3n con la cuenta personal de usuario de Facebook del interesado y almacena los datos personales.<\/p>\n\n<p>Facebook siempre recibe, a trav\u00e9s del componente de Facebook, informaci\u00f3n sobre una visita a nuestro sitio web por parte del interesado, siempre que el interesado est\u00e9 conectado al mismo tiempo en Facebook durante el tiempo de la llamada a nuestro sitio web. Esto ocurre independientemente de que el interesado haga clic o no en el componente de Facebook. Si esta transmisi\u00f3n de informaci\u00f3n a Facebook no es deseable para el interesado, \u00e9ste podr\u00e1 evitarla cerrando la sesi\u00f3n de su cuenta de Facebook antes de llamar a nuestro sitio web.<\/p>\n\n<p>La directriz sobre protecci\u00f3n de datos publicada por Facebook, que puede consultarse en https:\/\/facebook.com\/about\/privacy\/, proporciona informaci\u00f3n sobre la recogida, el tratamiento y el uso de datos personales por parte de Facebook. Adem\u00e1s, all\u00ed se explica qu\u00e9 opciones de configuraci\u00f3n ofrece Facebook para proteger la privacidad del interesado. Adem\u00e1s, se ponen a disposici\u00f3n diferentes opciones de configuraci\u00f3n que permiten eliminar la transmisi\u00f3n de datos a Facebook. El interesado puede utilizar estas aplicaciones para eliminar la transmisi\u00f3n de datos a Facebook.<\/p>\n\n<h4 class=\"wp-block-heading\">9. Disposiciones de protecci\u00f3n de datos sobre la aplicaci\u00f3n y el uso de Google Analytics (con funci\u00f3n de anonimizaci\u00f3n)<\/h4>\n\n<p>En este sitio web, el responsable del tratamiento ha integrado el componente de Google Analytics (con la funci\u00f3n de anonimizador). Google Analytics es un servicio de an\u00e1lisis web. La anal\u00edtica web consiste en la recogida, recopilaci\u00f3n y an\u00e1lisis de datos sobre el comportamiento de los visitantes de sitios web. Un servicio de an\u00e1lisis web recopila, entre otras cosas, datos sobre el sitio web desde el que ha llegado una persona (el denominado remitente), qu\u00e9 subp\u00e1ginas se han visitado o con qu\u00e9 frecuencia y durante cu\u00e1nto tiempo se ha visto una subp\u00e1gina. La anal\u00edtica web se utiliza principalmente para la optimizaci\u00f3n de un sitio web y para realizar un an\u00e1lisis coste-beneficio de la publicidad en Internet.<\/p>\n\n<p>El operador del componente Google Analytics es Google Ireland Limited, Gordon House, Barrow Street, Dubl\u00edn, D04 E5W5, Irlanda.<\/p>\n\n<p>Para la anal\u00edtica web a trav\u00e9s de Google Analytics el controlador utiliza la aplicaci\u00f3n \u201c_gat. _anonymizeIp\u201d. Mediante esta aplicaci\u00f3n, la direcci\u00f3n IP de la conexi\u00f3n a Internet del interesado es abreviada por Google y anonimizada cuando accede a nuestros sitios web desde un Estado miembro de la Uni\u00f3n Europea u otro Estado contratante del Acuerdo sobre el Espacio Econ\u00f3mico Europeo.<\/p>\n\n<p>La finalidad del componente Google Analytics es analizar el tr\u00e1fico en nuestro sitio web. Google utiliza los datos y la informaci\u00f3n recopilados, entre otras cosas, para evaluar el uso de nuestro sitio web y proporcionar informes en l\u00ednea, que muestran las actividades en nuestros sitios web, y para proporcionar otros servicios relacionados con el uso de nuestro sitio de Internet para nosotros.<\/p>\n\n<p>Google Analytics coloca una cookie en el sistema inform\u00e1tico del interesado. La definici\u00f3n de cookie se explica m\u00e1s arriba. Con el establecimiento de la cookie, Google est\u00e1 habilitado para analizar el uso de nuestro sitio web. Con cada llamada a una de las p\u00e1ginas individuales de este sitio de Internet, que es operado por el controlador y en el que se integr\u00f3 un componente de Google Analytics, el navegador de Internet en el sistema de tecnolog\u00eda de la informaci\u00f3n del sujeto de los datos enviar\u00e1 autom\u00e1ticamente los datos a trav\u00e9s del componente de Google Analytics con el prop\u00f3sito de la publicidad en l\u00ednea y la liquidaci\u00f3n de las comisiones a Google. En el transcurso de este procedimiento t\u00e9cnico, la empresa Google obtiene informaci\u00f3n personal, como la direcci\u00f3n IP del interesado, que sirve a Google, entre otras cosas, para conocer el origen de los visitantes y los clics, y crear posteriormente liquidaciones de comisiones.<\/p>\n\n<p>La cookie se utiliza para almacenar informaci\u00f3n personal, como la hora de acceso, la ubicaci\u00f3n desde la que se realiz\u00f3 el acceso y la frecuencia de visitas de nuestro sitio web por parte del interesado. Con cada visita a nuestro sitio de Internet, dichos datos personales, incluida la direcci\u00f3n IP del acceso a Internet utilizado por el interesado, se transmitir\u00e1n a Google en los Estados Unidos de Am\u00e9rica. Estos datos personales son almacenados por Google en los Estados Unidos de Am\u00e9rica. Google podr\u00e1 transmitir a terceros los datos personales recogidos mediante este procedimiento t\u00e9cnico.<\/p>\n\n<p>Como se ha indicado anteriormente, el interesado puede impedir en cualquier momento la instalaci\u00f3n de cookies a trav\u00e9s de nuestro sitio web mediante el correspondiente ajuste del navegador de Internet utilizado y, de este modo, denegar permanentemente la instalaci\u00f3n de cookies. Dicho ajuste del navegador de Internet utilizado tambi\u00e9n impedir\u00eda a Google Analytics establecer una cookie en el sistema inform\u00e1tico del interesado. Adem\u00e1s, las cookies ya utilizadas por Google Analytics pueden eliminarse en cualquier momento a trav\u00e9s del navegador de Internet u otros programas de software.<\/p>\n\n<p>Adem\u00e1s, el interesado tiene la posibilidad de oponerse a la recopilaci\u00f3n de los datos generados por Google Analytics, que est\u00e1n relacionados con el uso de este sitio web, as\u00ed como al tratamiento de estos datos por parte de Google y la posibilidad de impedirlo. Para ello, el interesado deber\u00e1 descargar e instalar un complemento del navegador en el enlace https:\/\/tools.google.com\/dlpage\/gaoptout. Este complemento del navegador indica a Google Analytics a trav\u00e9s de un JavaScript, que los datos y la informaci\u00f3n sobre las visitas de las p\u00e1ginas de Internet no pueden ser transmitidos a Google Analytics. La instalaci\u00f3n de los complementos del navegador se considera una objeci\u00f3n por parte de Google. Si el sistema inform\u00e1tico del interesado se borra posteriormente, se formatea o se instala de nuevo, el interesado deber\u00e1 volver a instalar los complementos del navegador para desactivar Google Analytics. Si el complemento del navegador ha sido desinstalado por el interesado o por cualquier otra persona que le sea imputable en su \u00e1mbito de competencia, o se encuentra inhabilitado, es posible ejecutar la reinstalaci\u00f3n o reactivaci\u00f3n de los complementos del navegador.<\/p>\n\n<p>Encontrar\u00e1 m\u00e1s informaci\u00f3n y las disposiciones aplicables en materia de protecci\u00f3n de datos de Google en https:\/\/www.google.com\/intl\/en\/policies\/privacy\/ y en http:\/\/www.google.com\/analytics\/terms\/us.html. Google Analytics se explica con m\u00e1s detalle en el siguiente enlace https:\/\/www.google.com\/analytics\/.<\/p>\n\n<h4 class=\"wp-block-heading\">10. Disposiciones de protecci\u00f3n de datos sobre la aplicaci\u00f3n y el uso de Instagram<\/h4>\n\n<p>En este sitio web, el responsable del tratamiento ha integrado componentes del servicio Instagram. Instagram es un servicio que puede calificarse de plataforma audiovisual, que permite a los usuarios compartir fotos y v\u00eddeos, as\u00ed como difundir dichos datos en otras redes sociales.<\/p>\n\n<p>La empresa operadora de los servicios ofrecidos por Instagram es Facebook Ireland Ltd., 4 Grand Canal Square, Grand Canal Harbour, Dubl\u00edn 2 Irlanda.<\/p>\n\n<p>Con cada llamada a una de las p\u00e1ginas individuales de este sitio de Internet, que es operado por el controlador y en el que se integr\u00f3 un componente de Instagram (bot\u00f3n Insta), el navegador de Internet en el sistema de tecnolog\u00eda de la informaci\u00f3n del interesado se le pide autom\u00e1ticamente a la descarga de una pantalla de la correspondiente componente de Instagram de Instagram. Durante el transcurso de este procedimiento t\u00e9cnico, Instagram tiene conocimiento de qu\u00e9 subp\u00e1gina espec\u00edfica de nuestro sitio web ha visitado el interesado.<\/p>\n\n<p>Si el interesado ha iniciado sesi\u00f3n al mismo tiempo en Instagram, Instagram detecta con cada llamada a nuestro sitio web por parte del interesado -y durante toda su estancia en nuestro sitio de Internet- qu\u00e9 subp\u00e1gina espec\u00edfica de nuestra p\u00e1gina de Internet ha visitado el interesado. Esta informaci\u00f3n se recopila a trav\u00e9s del componente Instagram y se asocia a la cuenta de Instagram del interesado. Si el interesado hace clic en uno de los botones de Instagram integrados en nuestro sitio web, Instagram relaciona esta informaci\u00f3n con la cuenta personal de usuario de Instagram del interesado y almacena los datos personales.<\/p>\n\n<p>Instagram recibe informaci\u00f3n a trav\u00e9s del componente Instagram de que el interesado ha visitado nuestro sitio web siempre que el interesado haya iniciado sesi\u00f3n en Instagram en el momento de la llamada a nuestro sitio web. Esto ocurre independientemente de si la persona hace clic o no en el bot\u00f3n de Instagram. Si esta transmisi\u00f3n de informaci\u00f3n a Instagram no es deseable para el interesado, \u00e9ste puede evitarlo cerrando la sesi\u00f3n de su cuenta de Instagram antes de que se produzca la llamada a nuestro sitio web.<\/p>\n\n<p>Para obtener m\u00e1s informaci\u00f3n y consultar las disposiciones aplicables en materia de protecci\u00f3n de datos de Instagram, visite https:\/\/help.instagram.com\/155833707900388 y https:\/\/www.instagram.com\/about\/legal\/privacy\/.<\/p>\n\n<h4 class=\"wp-block-heading\">11. Base jur\u00eddica del tratamiento<\/h4>\n\n<p>El art. 6(1) lit. a GDPR sirve de base jur\u00eddica para las operaciones de tratamiento para las que obtenemos el consentimiento para un fin de tratamiento espec\u00edfico. Si el tratamiento de datos personales es necesario para la ejecuci\u00f3n de un contrato en el que el interesado es parte, como ocurre, por ejemplo, cuando las operaciones de tratamiento son necesarias para el suministro de bienes o para prestar cualquier otro servicio, el tratamiento se basa en el art\u00edculo 6(1) lit. b GDPR. Lo mismo se aplica a las operaciones de tratamiento necesarias para llevar a cabo medidas precontractuales, por ejemplo en el caso de consultas relativas a nuestros productos o servicios. Si nuestra empresa est\u00e1 sujeta a una obligaci\u00f3n legal por la que se requiere el tratamiento de datos personales, como por ejemplo para el cumplimiento de obligaciones fiscales, el tratamiento se basa en el Art. 6(1) lit. c GDPR. En raras ocasiones, el tratamiento de datos personales puede ser necesario para proteger los intereses vitales del interesado o de otra persona f\u00edsica. Este ser\u00eda el caso, por ejemplo, si un visitante se lesionara en nuestra empresa y hubiera que transmitir su nombre, edad, datos del seguro m\u00e9dico u otra informaci\u00f3n vital a un m\u00e9dico, hospital u otro tercero. En ese caso, el tratamiento se basar\u00eda en el art. 6(1) lit. d GDPR. Por \u00faltimo, las operaciones de tratamiento podr\u00edan basarse en el art\u00edculo 6(1) lit. f GDPR. Esta base jur\u00eddica se utiliza para las operaciones de procesamiento que no est\u00e1n cubiertas por ninguna de las bases jur\u00eddicas mencionadas anteriormente, si el procesamiento es necesario para los fines de los intereses leg\u00edtimos perseguidos por nuestra empresa o por un tercero, excepto cuando dichos intereses se ven anulados por los intereses o los derechos y libertades fundamentales del interesado que requieren la protecci\u00f3n de los datos personales. Tales operaciones de tratamiento son especialmente permisibles porque han sido mencionadas espec\u00edficamente por el legislador europeo. Consider\u00f3 que pod\u00eda presumirse un inter\u00e9s leg\u00edtimo si el interesado es cliente del responsable del tratamiento (considerando 47, frase 2, del RGPD).<\/p>\n\n<h4 class=\"wp-block-heading\">12. Los intereses leg\u00edtimos perseguidos por el responsable del tratamiento o por un tercero<\/h4>\n\n<p>Cuando el tratamiento de datos personales se basa en el art\u00edculo 6, apartado 1, letra f) del GDPR, nuestro inter\u00e9s leg\u00edtimo es llevar a cabo nuestra actividad empresarial en favor del bienestar de todos nuestros empleados y accionistas.<\/p>\n\n<h4 class=\"wp-block-heading\">13. Per\u00edodo de conservaci\u00f3n de los datos personales<\/h4>\n\n<p>El criterio utilizado para determinar el periodo de almacenamiento de los datos personales es el periodo de conservaci\u00f3n legal correspondiente. Una vez transcurrido dicho periodo, los datos correspondientes se eliminan de forma rutinaria, siempre y cuando ya no sean necesarios para el cumplimiento del contrato o el inicio de un contrato.<\/p>\n\n<h4 class=\"wp-block-heading\">14. Facilitaci\u00f3n de datos personales como requisito legal o contractual; Requisito necesario para celebrar un contrato; Obligaci\u00f3n del interesado de facilitar los datos personales; Posibles consecuencias de no facilitar dichos datos.<\/h4>\n\n<p>Aclaramos que la facilitaci\u00f3n de datos personales viene exigida en parte por la ley (por ejemplo, normativa fiscal) o tambi\u00e9n puede derivarse de disposiciones contractuales (por ejemplo, informaci\u00f3n sobre la parte contratante). A veces puede ser necesario para celebrar un contrato que el interesado nos facilite datos personales, que posteriormente deben ser tratados por nosotros. Por ejemplo, el interesado est\u00e1 obligado a facilitarnos datos personales cuando nuestra empresa firma un contrato con \u00e9l. La no facilitaci\u00f3n de los datos personales tendr\u00eda como consecuencia que el contrato con el interesado no podr\u00eda celebrarse. Antes de que el interesado facilite sus datos personales, debe ponerse en contacto con cualquier empleado. El empleado aclarar\u00e1 al interesado si el suministro de los datos personales es obligatorio por ley o por contrato o si es necesario para la celebraci\u00f3n del contrato, si existe la obligaci\u00f3n de facilitar los datos personales y las consecuencias de no facilitarlos.<\/p>\n\n<h4 class=\"wp-block-heading\">15. Existencia de toma de decisiones automatizada<\/h4>\n\n<p>Como empresa responsable, no utilizamos la toma autom\u00e1tica de decisiones ni la elaboraci\u00f3n de perfiles.<\/p>\n\n<p>Desarrollado por especialistas para\u00a0<a href=\"https:\/\/willing-able.com\/\">LegalTech<\/a>\u00a0en Willing &amp; Able que tambi\u00e9n desarroll\u00f3 el sistema de\u00a0<a href=\"https:\/\/abletorecords.com\/\">gdpr dpia<\/a>. Los textos legales contenidos en nuestro generador de pol\u00edtica de privacidad han sido proporcionados y publicados por\u00a0<a href=\"https:\/\/dg-datenschutz.de\/\">Prof. Dr. h.c. Heiko Jonny Maniero<\/a>\u00a0de la Asociaci\u00f3n Alemana de Protecci\u00f3n de Datos y\u00a0<a href=\"https:\/\/www.wbs-law.de\/\">Christian Solmecke<\/a>\u00a0de la ley PEP.<\/p>\n\t\t\t\t\t\t\t\t<\/div>\n\t\t\t\t\t<\/div>\n\t\t<\/div>\n\t\t\t\t\t<\/div>\n\t\t<\/section>\n\t\t\t\t<\/div>","protected":false},"excerpt":{"rendered":"<p>Privacy Policy Privacy Policy We are very delighted that you have shown interest in our enterprise. Data protection is of a particularly high priority for the management of the \u0394\u03b7\u03bc\u03ae\u03c4\u03c1\u03b9\u03bf\u03c2 \u03a4\u03c3\u03b1\u03bb\u03bc\u03ac\u03c2. The use of the Internet pages of the \u0394\u03b7\u03bc\u03ae\u03c4\u03c1\u03b9\u03bf\u03c2 \u03a4\u03c3\u03b1\u03bb\u03bc\u03ac\u03c2 is possible without any indication of personal data; however, if a data subject wants [&hellip;]<\/p>","protected":false},"author":1,"featured_media":0,"parent":0,"menu_order":0,"comment_status":"closed","ping_status":"closed","template":"","meta":{"footnotes":""},"class_list":["post-3","page","type-page","status-publish","hentry"],"yoast_head":"<!-- This site is optimized with the Yoast SEO plugin v27.4 - https:\/\/yoast.com\/product\/yoast-seo-wordpress\/ -->\n<title>Privacy Policy - Guidetours Santorini<\/title>\n<meta name=\"robots\" content=\"index, follow, max-snippet:-1, max-image-preview:large, max-video-preview:-1\" \/>\n<link rel=\"canonical\" href=\"https:\/\/guidetours.gr\/es\/privacy-policy\/\" \/>\n<meta property=\"og:locale\" content=\"es_ES\" \/>\n<meta property=\"og:type\" content=\"article\" \/>\n<meta property=\"og:title\" content=\"Privacy Policy - Guidetours Santorini\" \/>\n<meta property=\"og:description\" content=\"Privacy Policy Privacy Policy We are very delighted that you have shown interest in our enterprise. Data protection is of a particularly high priority for the management of the \u0394\u03b7\u03bc\u03ae\u03c4\u03c1\u03b9\u03bf\u03c2 \u03a4\u03c3\u03b1\u03bb\u03bc\u03ac\u03c2. The use of the Internet pages of the \u0394\u03b7\u03bc\u03ae\u03c4\u03c1\u03b9\u03bf\u03c2 \u03a4\u03c3\u03b1\u03bb\u03bc\u03ac\u03c2 is possible without any indication of personal data; however, if a data subject wants [&hellip;]\" \/>\n<meta property=\"og:url\" content=\"https:\/\/guidetours.gr\/es\/privacy-policy\/\" \/>\n<meta property=\"og:site_name\" content=\"Guidetours Santorini\" \/>\n<meta property=\"article:modified_time\" content=\"2023-09-26T07:15:12+00:00\" \/>\n<meta name=\"twitter:card\" content=\"summary_large_image\" \/>\n<meta name=\"twitter:label1\" content=\"Tiempo de lectura\" \/>\n\t<meta name=\"twitter:data1\" content=\"26 minutos\" \/>\n<script type=\"application\/ld+json\" class=\"yoast-schema-graph\">{\"@context\":\"https:\\\/\\\/schema.org\",\"@graph\":[{\"@type\":\"WebPage\",\"@id\":\"https:\\\/\\\/guidetours.gr\\\/privacy-policy\\\/\",\"url\":\"https:\\\/\\\/guidetours.gr\\\/privacy-policy\\\/\",\"name\":\"Privacy Policy - Guidetours Santorini\",\"isPartOf\":{\"@id\":\"https:\\\/\\\/guidetours.gr\\\/#website\"},\"datePublished\":\"2023-05-23T07:56:02+00:00\",\"dateModified\":\"2023-09-26T07:15:12+00:00\",\"breadcrumb\":{\"@id\":\"https:\\\/\\\/guidetours.gr\\\/privacy-policy\\\/#breadcrumb\"},\"inLanguage\":\"es\",\"potentialAction\":[{\"@type\":\"ReadAction\",\"target\":[\"https:\\\/\\\/guidetours.gr\\\/privacy-policy\\\/\"]}]},{\"@type\":\"BreadcrumbList\",\"@id\":\"https:\\\/\\\/guidetours.gr\\\/privacy-policy\\\/#breadcrumb\",\"itemListElement\":[{\"@type\":\"ListItem\",\"position\":1,\"name\":\"Home\",\"item\":\"https:\\\/\\\/guidetours.gr\\\/\"},{\"@type\":\"ListItem\",\"position\":2,\"name\":\"Privacy Policy\"}]},{\"@type\":\"WebSite\",\"@id\":\"https:\\\/\\\/guidetours.gr\\\/#website\",\"url\":\"https:\\\/\\\/guidetours.gr\\\/\",\"name\":\"Guidetours Santorini\",\"description\":\"Santorini Transfers &amp; Tours by Guide Tours\",\"publisher\":{\"@id\":\"https:\\\/\\\/guidetours.gr\\\/#organization\"},\"potentialAction\":[{\"@type\":\"SearchAction\",\"target\":{\"@type\":\"EntryPoint\",\"urlTemplate\":\"https:\\\/\\\/guidetours.gr\\\/?s={search_term_string}\"},\"query-input\":{\"@type\":\"PropertyValueSpecification\",\"valueRequired\":true,\"valueName\":\"search_term_string\"}}],\"inLanguage\":\"es\"},{\"@type\":\"Organization\",\"@id\":\"https:\\\/\\\/guidetours.gr\\\/#organization\",\"name\":\"Guidetours Santorini\",\"url\":\"https:\\\/\\\/guidetours.gr\\\/\",\"logo\":{\"@type\":\"ImageObject\",\"inLanguage\":\"es\",\"@id\":\"https:\\\/\\\/guidetours.gr\\\/#\\\/schema\\\/logo\\\/image\\\/\",\"url\":\"https:\\\/\\\/guidetours.gr\\\/wp-content\\\/uploads\\\/2023\\\/05\\\/Group-346@2x.png\",\"contentUrl\":\"https:\\\/\\\/guidetours.gr\\\/wp-content\\\/uploads\\\/2023\\\/05\\\/Group-346@2x.png\",\"width\":184,\"height\":164,\"caption\":\"Guidetours Santorini\"},\"image\":{\"@id\":\"https:\\\/\\\/guidetours.gr\\\/#\\\/schema\\\/logo\\\/image\\\/\"}}]}<\/script>\n<!-- \/ Yoast SEO plugin. -->","yoast_head_json":{"title":"Privacy Policy - Guidetours Santorini","robots":{"index":"index","follow":"follow","max-snippet":"max-snippet:-1","max-image-preview":"max-image-preview:large","max-video-preview":"max-video-preview:-1"},"canonical":"https:\/\/guidetours.gr\/es\/privacy-policy\/","og_locale":"es_ES","og_type":"article","og_title":"Privacy Policy - Guidetours Santorini","og_description":"Privacy Policy Privacy Policy We are very delighted that you have shown interest in our enterprise. Data protection is of a particularly high priority for the management of the \u0394\u03b7\u03bc\u03ae\u03c4\u03c1\u03b9\u03bf\u03c2 \u03a4\u03c3\u03b1\u03bb\u03bc\u03ac\u03c2. The use of the Internet pages of the \u0394\u03b7\u03bc\u03ae\u03c4\u03c1\u03b9\u03bf\u03c2 \u03a4\u03c3\u03b1\u03bb\u03bc\u03ac\u03c2 is possible without any indication of personal data; however, if a data subject wants [&hellip;]","og_url":"https:\/\/guidetours.gr\/es\/privacy-policy\/","og_site_name":"Guidetours Santorini","article_modified_time":"2023-09-26T07:15:12+00:00","twitter_card":"summary_large_image","twitter_misc":{"Tiempo de lectura":"26 minutos"},"schema":{"@context":"https:\/\/schema.org","@graph":[{"@type":"WebPage","@id":"https:\/\/guidetours.gr\/privacy-policy\/","url":"https:\/\/guidetours.gr\/privacy-policy\/","name":"Privacy Policy - Guidetours Santorini","isPartOf":{"@id":"https:\/\/guidetours.gr\/#website"},"datePublished":"2023-05-23T07:56:02+00:00","dateModified":"2023-09-26T07:15:12+00:00","breadcrumb":{"@id":"https:\/\/guidetours.gr\/privacy-policy\/#breadcrumb"},"inLanguage":"es","potentialAction":[{"@type":"ReadAction","target":["https:\/\/guidetours.gr\/privacy-policy\/"]}]},{"@type":"BreadcrumbList","@id":"https:\/\/guidetours.gr\/privacy-policy\/#breadcrumb","itemListElement":[{"@type":"ListItem","position":1,"name":"Home","item":"https:\/\/guidetours.gr\/"},{"@type":"ListItem","position":2,"name":"Privacy Policy"}]},{"@type":"WebSite","@id":"https:\/\/guidetours.gr\/#website","url":"https:\/\/guidetours.gr\/","name":"Guidetours Santorini","description":"Santorini Transfers &amp; Tours by Guide Tours","publisher":{"@id":"https:\/\/guidetours.gr\/#organization"},"potentialAction":[{"@type":"SearchAction","target":{"@type":"EntryPoint","urlTemplate":"https:\/\/guidetours.gr\/?s={search_term_string}"},"query-input":{"@type":"PropertyValueSpecification","valueRequired":true,"valueName":"search_term_string"}}],"inLanguage":"es"},{"@type":"Organization","@id":"https:\/\/guidetours.gr\/#organization","name":"Guidetours Santorini","url":"https:\/\/guidetours.gr\/","logo":{"@type":"ImageObject","inLanguage":"es","@id":"https:\/\/guidetours.gr\/#\/schema\/logo\/image\/","url":"https:\/\/guidetours.gr\/wp-content\/uploads\/2023\/05\/Group-346@2x.png","contentUrl":"https:\/\/guidetours.gr\/wp-content\/uploads\/2023\/05\/Group-346@2x.png","width":184,"height":164,"caption":"Guidetours Santorini"},"image":{"@id":"https:\/\/guidetours.gr\/#\/schema\/logo\/image\/"}}]}},"_links":{"self":[{"href":"https:\/\/guidetours.gr\/es\/wp-json\/wp\/v2\/pages\/3","targetHints":{"allow":["GET"]}}],"collection":[{"href":"https:\/\/guidetours.gr\/es\/wp-json\/wp\/v2\/pages"}],"about":[{"href":"https:\/\/guidetours.gr\/es\/wp-json\/wp\/v2\/types\/page"}],"author":[{"embeddable":true,"href":"https:\/\/guidetours.gr\/es\/wp-json\/wp\/v2\/users\/1"}],"replies":[{"embeddable":true,"href":"https:\/\/guidetours.gr\/es\/wp-json\/wp\/v2\/comments?post=3"}],"version-history":[{"count":5,"href":"https:\/\/guidetours.gr\/es\/wp-json\/wp\/v2\/pages\/3\/revisions"}],"predecessor-version":[{"id":1162,"href":"https:\/\/guidetours.gr\/es\/wp-json\/wp\/v2\/pages\/3\/revisions\/1162"}],"wp:attachment":[{"href":"https:\/\/guidetours.gr\/es\/wp-json\/wp\/v2\/media?parent=3"}],"curies":[{"name":"wp","href":"https:\/\/api.w.org\/{rel}","templated":true}]}}